{"id":8968,"date":"2015-12-04T13:09:18","date_gmt":"2015-12-04T13:09:18","guid":{"rendered":"https:\/\/fisiolescala.com\/faq\/"},"modified":"2025-01-10T12:59:38","modified_gmt":"2025-01-10T12:59:38","slug":"faq","status":"publish","type":"page","link":"https:\/\/fisiolescala.com\/es\/faq\/","title":{"rendered":"FAQ (Preguntas Frecuentes)"},"content":{"rendered":"<div id=\"pl-8968\"  class=\"panel-layout\" ><div id=\"pg-8968-0\"  class=\"panel-grid panel-no-style\" ><div id=\"pgc-8968-0-0\"  class=\"panel-grid-cell\" ><div id=\"panel-8968-0-0-0\" class=\"so-panel widget widget_sow-editor panel-first-child panel-last-child\" data-index=\"0\" ><div\n\t\t\t\n\t\t\tclass=\"so-widget-sow-editor so-widget-sow-editor-base\"\n\t\t\t\n\t\t>\n<div class=\"siteorigin-widget-tinymce textwidget\">\n\t<h4>\u00bfQu\u00e9\u00a0es un Fisioterapeuta?<\/h4>\n<p>Los fisioterapeutas tienen formaci\u00f3n universitaria y son expertos en tratar lesiones del sistema m\u00fasculo esquel\u00e9tico y otras alteraciones provocadas por patolog\u00edas que afectan\u00a0otros sistemas. Su trabajo se basa en la promoci\u00f3n de la salud y el tratamiento de rehabilitaci\u00f3n. Tambi\u00e9n son expertos en la prescripci\u00f3n de ejercicio f\u00edsico en los \u00e1mbitos de la salud y del deporte.<\/p>\n<\/div>\n<\/div><\/div><\/div><div id=\"pgc-8968-0-1\"  class=\"panel-grid-cell\" ><div id=\"panel-8968-0-1-0\" class=\"so-panel widget widget_sow-editor panel-first-child panel-last-child\" data-index=\"1\" ><div\n\t\t\t\n\t\t\tclass=\"so-widget-sow-editor so-widget-sow-editor-base\"\n\t\t\t\n\t\t>\n<div class=\"siteorigin-widget-tinymce textwidget\">\n\t<h4>\u00bfQu\u00e9 necesito llevar?<\/h4>\n<p>Necesitaremos tu historial m\u00e9dico o quir\u00fargico. Si los tienes y son relevantes puedes llevar tus informes de an\u00e1lisis \/ MRI, y la lista de medicamentos. Es posible que se te recomiende llevar pantalones cortos y camiseta.<\/p>\n<\/div>\n<\/div><\/div><\/div><div id=\"pgc-8968-0-2\"  class=\"panel-grid-cell\" ><div id=\"panel-8968-0-2-0\" class=\"so-panel widget widget_sow-editor panel-first-child panel-last-child\" data-index=\"2\" ><div\n\t\t\t\n\t\t\tclass=\"so-widget-sow-editor so-widget-sow-editor-base\"\n\t\t\t\n\t\t>\n<div class=\"siteorigin-widget-tinymce textwidget\">\n\t<h4>\u00bfCu\u00e1ntas visitas necesitar\u00e9?<\/h4>\n<p>El n\u00famero de tratamientos variar\u00e1 dependiendo del problema y la persona. Despu\u00e9s de una evaluaci\u00f3n exhaustiva, el fisioterapeuta har\u00e1 una estimaci\u00f3n de tu plan de tratamiento para el proceso de rehabilitaci\u00f3n.<\/p>\n<\/div>\n<\/div><\/div><\/div><\/div><div id=\"pg-8968-1\"  class=\"panel-grid panel-no-style\" ><div id=\"pgc-8968-1-0\"  class=\"panel-grid-cell\" ><div id=\"panel-8968-1-0-0\" class=\"so-panel widget widget_sow-editor panel-first-child panel-last-child\" data-index=\"3\" ><div\n\t\t\t\n\t\t\tclass=\"so-widget-sow-editor so-widget-sow-editor-base\"\n\t\t\t\n\t\t>\n<div class=\"siteorigin-widget-tinymce textwidget\">\n\t<h4><strong class=\"question\">\u00bfQu\u00e9\u00a0ropa tendr\u00eda que vestir para mi cita?<\/strong><\/h4>\n<p>Te\u00a0aconsejamos que lleves ropa interior c\u00f3moda si tienes que hacer tratamientos individuales y ropa deportiva para las actividades en\u00a0grupo.<\/p>\n<\/div>\n<\/div><\/div><\/div><div id=\"pgc-8968-1-1\"  class=\"panel-grid-cell\" ><div id=\"panel-8968-1-1-0\" class=\"so-panel widget widget_sow-editor panel-first-child panel-last-child\" data-index=\"4\" ><div\n\t\t\t\n\t\t\tclass=\"so-widget-sow-editor so-widget-sow-editor-base\"\n\t\t\t\n\t\t>\n<div class=\"siteorigin-widget-tinymce textwidget\">\n\t<h4><strong class=\"question\">\u00bfC\u00f3mo\u00a0reservar una cita?<\/strong><\/h4>\n<p><span class=\"icon-box--description\">Puedes llamarnos al tel\u00e9fono 972 771 475<\/span>\u00a0o rellenar y enviarnos el formulario que encontrar\u00e1s en nuestra <a href=\"https:\/\/fisiolescala.com\/es\/contactar\/\">p\u00e1gina de contacto<\/a>.<\/p>\n<\/div>\n<\/div><\/div><\/div><div id=\"pgc-8968-1-2\"  class=\"panel-grid-cell\" ><div id=\"panel-8968-1-2-0\" class=\"so-panel widget widget_sow-editor panel-first-child panel-last-child\" data-index=\"5\" ><div\n\t\t\t\n\t\t\tclass=\"so-widget-sow-editor so-widget-sow-editor-base\"\n\t\t\t\n\t\t>\n<div class=\"siteorigin-widget-tinymce textwidget\">\n\t<h4>\u00bfPara reservar un tratamiento necesito el permiso de mi m\u00e9dico?<\/h4>\n<p>Aunque es aconsejable, no es imprescindible venir derivado del m\u00e9dico. El fisioterapeuta har\u00e1 una evaluaci\u00f3n y determinar\u00e1 si puede hacer el tratamiento o si hay que pasar una visita m\u00e9dica. En caso de los mutualistas s\u00ed es imprescindible tener la prescripci\u00f3n m\u00e9dica y la autorizaci\u00f3n de la mutua.<\/p>\n<\/div>\n<\/div><\/div><\/div><\/div><div id=\"pg-8968-2\"  class=\"panel-grid panel-no-style\" ><div id=\"pgc-8968-2-0\"  class=\"panel-grid-cell\" ><div id=\"panel-8968-2-0-0\" class=\"so-panel widget widget_sow-editor panel-first-child panel-last-child\" data-index=\"6\" ><div class=\"smaller-widget-title panel-widget-style panel-widget-style-for-8968-2-0-0\" ><div\n\t\t\t\n\t\t\tclass=\"so-widget-sow-editor so-widget-sow-editor-base\"\n\t\t\t\n\t\t>\n<div class=\"siteorigin-widget-tinymce textwidget\">\n\t<div class=\"panel-group\" id=\"accordion-0\" data-panel=\"accordion-0\"><\/p>\n<p><div class=\"panel\"><div class=\"panel-heading\"><h3 class=\"panel-title\"><a class=\"accordion-toggle\" data-toggle=\"collapse\" data-parent=\"#accordion-0\" href=\"#collapse_0\" aria-expanded=\"true\">\u00bfCu\u00e1nto tiempo necesitar\u00e9 fisioterapia?<\/a><\/h3><\/div><div id=\"collapse_0\" class=\"panel-collapse collapse in\"><div class=\"panel-body\"><\/p>\n<p>La duraci\u00f3n del tratamiento depende de su diagn\u00f3stico, la gravedad de sus lesiones, su historial m\u00e9dico pasado, y otros factores. Se realizar\u00e1n evaluaciones adicionales para evaluar su progreso y su terapeuta se comunicar\u00e1 con su m\u00e9dico para ayudar a alcanzar los objetivos de la terapia.<\/p>\n<p> <\/div><\/div><\/div><\/p>\n<p><div class=\"panel\"><div class=\"panel-heading\"><h3 class=\"panel-title\"><a class=\"accordion-toggle\" data-toggle=\"collapse\" data-parent=\"#accordion-0\" href=\"#collapse_1\" >\u00bfQu\u00e9 condiciones trata la fisioterapia?<\/a><\/h3><\/div><div id=\"collapse_1\" class=\"panel-collapse collapse \"><div class=\"panel-body\"><\/p>\n<p>Vemos y tratamos a pacientes dentro de una amplia gama de condiciones y diagn\u00f3sticos. Por favor, echa un vistazo a nuestra p\u00e1gina de\u00a0<a href=\"https:\/\/fisiolescala.com\/es\/servicios\/\">SERVICIOS<\/a>\u00a0para tener una referencia de la lista de condiciones y diagn\u00f3sticos que tratamos.<\/p>\n<p> <\/div><\/div><\/div><\/p>\n<p><div class=\"panel\"><div class=\"panel-heading\"><h3 class=\"panel-title\"><a class=\"accordion-toggle\" data-toggle=\"collapse\" data-parent=\"#accordion-0\" href=\"#collapse_2\" >\u00bfTen\u00e9is fisioterapeutas?<\/a><\/h3><\/div><div id=\"collapse_2\" class=\"panel-collapse collapse \"><div class=\"panel-body\"><\/p>\n<p>Fisio L'Escala se enorgullece de tener un equipo de 4 fisioterapeutas especializados en columna vertebral, reeducaci\u00f3n postural, traumatolog\u00eda, osteopat\u00eda, drenaje conjuntados linf\u00e1tico, socorrismo, terapia manual, entre otros.<\/p>\n<p> <\/div><\/div><\/div><\/p>\n<p><div class=\"panel\"><div class=\"panel-heading\"><h3 class=\"panel-title\"><a class=\"accordion-toggle\" data-toggle=\"collapse\" data-parent=\"#accordion-0\" href=\"#collapse_3\" >\u00bfC\u00f3mo s\u00e9 si mi seguro cubre servicios de fisioterapia?<\/a><\/h3><\/div><div id=\"collapse_3\" class=\"panel-collapse collapse \"><div class=\"panel-body\"><\/p>\n<p>Consultaremos con su mutua de salud para determinar si est\u00e1n cubiertos servicios de fisioterapia. Le recomendamos que previamente lo confirme personalmente con su seguro. <\/div><\/div><\/div><\/p>\n<p><div class=\"panel\"><div class=\"panel-heading\"><h3 class=\"panel-title\"><a class=\"accordion-toggle\" data-toggle=\"collapse\" data-parent=\"#accordion-0\" href=\"#collapse_4\" >\u00bfC\u00f3mo puedo cancelar o re-programar mi(s) cita(s)?<\/a><\/h3><\/div><div id=\"collapse_4\" class=\"panel-collapse collapse \"><div class=\"panel-body\"><\/p>\n<p>Ll\u00e1menos al 972 771 475 o pase por nuestro centro en L'Escala.<\/p>\n<p> <\/div><\/div><\/div><\/p>\n<p><\/div>\n<\/div>\n<\/div><\/div><\/div><\/div><\/div><div id=\"pg-8968-3\"  class=\"panel-grid panel-has-style\" ><div class=\"panel-row-style panel-row-style-for-8968-3\" ><div id=\"pgc-8968-3-0\"  class=\"panel-grid-cell\" ><div class=\"text-center panel-cell-style panel-cell-style-for-8968-3-0\" ><div id=\"panel-8968-3-0-0\" class=\"so-panel widget widget_sow-editor panel-first-child panel-last-child\" data-index=\"7\" ><div\n\t\t\t\n\t\t\tclass=\"so-widget-sow-editor so-widget-sow-editor-base\"\n\t\t\t\n\t\t><h3 class=\"widget-title\">Preg\u00fantanos<\/h3>\n<div class=\"siteorigin-widget-tinymce textwidget\">\n\t<p>No dudes en hacernos cualquier pregunta relacionada con la fisioterapia ya sea a trav\u00e9s del tel\u00e9fono o con el siguiente formulario. Tu mensaje ser\u00e1 recibido directamente por nuestro personal que te responder\u00e1 lo antes posible.<\/p>\n<p>\u00a0<\/p>\n\n<div class=\"wpcf7 no-js\" id=\"wpcf7-f8880-o1\" lang=\"en-US\" dir=\"ltr\">\n<div class=\"screen-reader-response\"><p role=\"status\" aria-live=\"polite\" aria-atomic=\"true\"><\/p> <ul><\/ul><\/div>\n<form action=\"\/es\/wp-json\/wp\/v2\/pages\/8968#wpcf7-f8880-o1\" method=\"post\" class=\"wpcf7-form init\" aria-label=\"Contact form\" novalidate=\"novalidate\" data-status=\"init\">\n<div style=\"display: none;\">\n<input type=\"hidden\" name=\"_wpcf7\" value=\"8880\" \/>\n<input type=\"hidden\" name=\"_wpcf7_version\" value=\"5.7.3\" \/>\n<input type=\"hidden\" name=\"_wpcf7_locale\" value=\"en_US\" \/>\n<input type=\"hidden\" name=\"_wpcf7_unit_tag\" value=\"wpcf7-f8880-o1\" \/>\n<input type=\"hidden\" name=\"_wpcf7_container_post\" value=\"0\" \/>\n<input type=\"hidden\" name=\"_wpcf7_posted_data_hash\" value=\"\" \/>\n<input type=\"hidden\" name=\"_wpcf7_recaptcha_response\" value=\"\" \/>\n<\/div>\n<div class=\"questionform white-featured-box\">\n\t<div class=\"row\">\n\t\t<div class=\"col-xs-12 col-md-6\">\n\t\t\t<p><span class=\"wpcf7-form-control-wrap\" data-name=\"your-name\"><input size=\"40\" class=\"wpcf7-form-control wpcf7-text wpcf7-validates-as-required\" aria-required=\"true\" aria-invalid=\"false\" placeholder=\"Nombre *\" value=\"\" type=\"text\" name=\"your-name\" \/><\/span><span class=\"wpcf7-form-control-wrap\" data-name=\"your-email\"><input size=\"40\" class=\"wpcf7-form-control wpcf7-text wpcf7-email wpcf7-validates-as-required wpcf7-validates-as-email\" aria-required=\"true\" aria-invalid=\"false\" placeholder=\"Email *\" value=\"\" type=\"email\" name=\"your-email\" \/><\/span><span class=\"wpcf7-form-control-wrap\" data-name=\"your-phone\"><input size=\"40\" class=\"wpcf7-form-control wpcf7-text wpcf7-tel wpcf7-validates-as-tel\" aria-invalid=\"false\" placeholder=\"Tel\u00e9fono\" value=\"\" type=\"tel\" name=\"your-phone\" \/><\/span><span class=\"wpcf7-form-control-wrap\" data-name=\"answer\"><select class=\"wpcf7-form-control wpcf7-select wpcf7-validates-as-required\" aria-required=\"true\" aria-invalid=\"false\" name=\"answer\"><option value=\"\">Recibir respuesta por:<\/option><option value=\"Tel\u00e9fono\">Tel\u00e9fono<\/option><option value=\"Email\">Email<\/option><\/select><\/span>\n\t\t\t<\/p>\n\t\t<\/div>\n\t\t<div class=\"col-xs-12 col-md-6\">\n\t\t\t<p><span class=\"wpcf7-form-control-wrap\" data-name=\"your-name\"><input size=\"40\" class=\"wpcf7-form-control wpcf7-text wpcf7-validates-as-required\" aria-required=\"true\" aria-invalid=\"false\" placeholder=\"Asunto\" value=\"\" type=\"text\" name=\"your-name\" \/><\/span><span class=\"wpcf7-form-control-wrap\" data-name=\"your-message\"><textarea cols=\"40\" rows=\"10\" class=\"wpcf7-form-control wpcf7-textarea wpcf7-validates-as-required\" aria-required=\"true\" aria-invalid=\"false\" placeholder=\"Escribe aqu\u00ed tu pregunta..\" name=\"your-message\"><\/textarea><\/span><input class=\"wpcf7-form-control has-spinner wpcf7-submit btn btn-primary pull-right fullwidth\" type=\"submit\" value=\"Enviar Pregunta\" \/>\n\t\t\t<\/p>\n\t\t<\/div>\n\t<\/div>\n\t<p><span class=\"wpcf7-form-control-wrap\" data-name=\"acceptance-828\"><span class=\"wpcf7-form-control wpcf7-acceptance\"><span class=\"wpcf7-list-item\"><label><input type=\"checkbox\" name=\"acceptance-828\" value=\"1\" aria-invalid=\"false\" \/><span class=\"wpcf7-list-item-label\">He le\u00eddo y ACEPTO la <a href=\"https:\/\/fisiolescala.com\/es\/politica-confidencialidad\/\" target=\"_blank\">Pol\u00edtica de Confidencialidad<\/a><\/span><\/label><\/span><\/span><\/span><br \/>\n<span class=\"wpcf7-form-control-wrap\" data-name=\"consentiment-newsletter\"><span class=\"wpcf7-form-control wpcf7-acceptance optional\"><span class=\"wpcf7-list-item\"><label><input type=\"checkbox\" name=\"consentiment-newsletter\" value=\"1\" aria-invalid=\"false\" \/><span class=\"wpcf7-list-item-label\">ACEPTO recibir informaci\u00f3n comercial de FISIO L'ESCALA ocasionalmente y por mail<\/span><\/label><\/span><\/span><\/span><br \/>\n\t\n\t<\/p>\n<\/div><p style=\"display: none !important;\"><label>&#916;<textarea name=\"_wpcf7_ak_hp_textarea\" cols=\"45\" rows=\"8\" maxlength=\"100\"><\/textarea><\/label><input type=\"hidden\" id=\"ak_js_1\" name=\"_wpcf7_ak_js\" value=\"22\"\/><script>document.getElementById( \"ak_js_1\" ).setAttribute( \"value\", ( new Date() ).getTime() );<\/script><\/p><div class=\"wpcf7-response-output\" aria-hidden=\"true\"><\/div>\n<\/form>\n<\/div>\n\n<\/div>\n<\/div><\/div><\/div><\/div><\/div><\/div><\/div>","protected":false},"excerpt":{"rendered":"<p>\u00bfQu\u00e9\u00a0es un Fisioterapeuta?Los fisioterapeutas tienen formaci\u00f3n universitaria y son expertos en tratar lesiones del sistema m\u00fasculo esquel\u00e9tico y otras alteraciones provocadas por patolog\u00edas que afectan\u00a0otros sistemas. Su trabajo se basa en la promoci\u00f3n de la salud y el tratamiento de rehabilitaci\u00f3n. Tambi\u00e9n son expertos en la prescripci\u00f3n de ejercicio f\u00edsico en los \u00e1mbitos de la [&hellip;]<\/p>\n","protected":false},"author":1,"featured_media":0,"parent":0,"menu_order":0,"comment_status":"closed","ping_status":"closed","template":"","meta":{"footnotes":""},"acf":[],"_links":{"self":[{"href":"https:\/\/fisiolescala.com\/es\/wp-json\/wp\/v2\/pages\/8968"}],"collection":[{"href":"https:\/\/fisiolescala.com\/es\/wp-json\/wp\/v2\/pages"}],"about":[{"href":"https:\/\/fisiolescala.com\/es\/wp-json\/wp\/v2\/types\/page"}],"author":[{"embeddable":true,"href":"https:\/\/fisiolescala.com\/es\/wp-json\/wp\/v2\/users\/1"}],"replies":[{"embeddable":true,"href":"https:\/\/fisiolescala.com\/es\/wp-json\/wp\/v2\/comments?post=8968"}],"version-history":[{"count":6,"href":"https:\/\/fisiolescala.com\/es\/wp-json\/wp\/v2\/pages\/8968\/revisions"}],"predecessor-version":[{"id":11274,"href":"https:\/\/fisiolescala.com\/es\/wp-json\/wp\/v2\/pages\/8968\/revisions\/11274"}],"wp:attachment":[{"href":"https:\/\/fisiolescala.com\/es\/wp-json\/wp\/v2\/media?parent=8968"}],"curies":[{"name":"wp","href":"https:\/\/api.w.org\/{rel}","templated":true}]}}