{"id":9806,"date":"2021-07-07T16:33:56","date_gmt":"2021-07-07T16:33:56","guid":{"rendered":"https:\/\/fisiolescala.com\/ferran-diaz-gutierrez\/"},"modified":"2023-02-14T12:33:06","modified_gmt":"2023-02-14T12:33:06","slug":"ferran-diaz","status":"publish","type":"page","link":"https:\/\/fisiolescala.com\/es\/equipo\/ferran-diaz\/","title":{"rendered":"Ferran D\u00edaz"},"content":{"rendered":"<div id=\"pl-9806\"  class=\"panel-layout\" ><div id=\"pg-9806-0\"  class=\"panel-grid panel-no-style\" ><div id=\"pgc-9806-0-0\"  class=\"panel-grid-cell\" ><div id=\"panel-9806-0-0-0\" class=\"so-panel widget widget_sow-editor panel-first-child panel-last-child\" data-index=\"0\" ><div\n\t\t\t\n\t\t\tclass=\"so-widget-sow-editor so-widget-sow-editor-base\"\n\t\t\t\n\t\t>\n<div class=\"siteorigin-widget-tinymce textwidget\">\n\t<p><strong><span class=\"icon-wrap\"><i class=\"fas fa-envelope\"><\/i><\/span><\/strong> Puedes contactar directamente con Ferran en <a href=\"mailto:fdiaz@fisioterapeutes.org\">fdiaz@fisioterapeutes.org<\/a><strong style=\"color: #56afd5; font-size: 15px;\"><img loading=\"lazy\" decoding=\"async\" class=\"alignright size-full wp-image-10692\" src=\"https:\/\/fisiolescala.com\/wp-content\/uploads\/2021\/07\/ferran2021web.jpg\" alt=\"\" width=\"460\" height=\"365\" srcset=\"https:\/\/fisiolescala.com\/wp-content\/uploads\/2021\/07\/ferran2021web.jpg 460w, https:\/\/fisiolescala.com\/wp-content\/uploads\/2021\/07\/ferran2021web-300x238.jpg 300w\" sizes=\"(max-width: 460px) 100vw, 460px\" \/><\/strong><\/p>\n<p>&nbsp;<\/p>\n<p><span style=\"color: #56afd5; font-size: 15px;\"><strong>Formaci\u00f3n<\/strong><\/span><\/p>\n<p><strong><span class=\"icon-wrap\"><i class=\"fas fa-check\"><\/i><\/span>\u00a0\u00a0<\/strong>Diplomado en fisioterapia en 2018 por la EUSES de Girona, adscrita a la UDG<\/p>\n<p><strong><span class=\"icon-wrap\"><i class=\"fas fa-check\"><\/i><\/span>\u00a0\u00a0<\/strong>Fisioterapeuta col. 13460<\/p>\n<p><strong><span class=\"icon-wrap\"><i class=\"fas fa-check\"><\/i><\/span>\u00a0\u00a0<\/strong>Especializado en fisioterapia deportiva y readaptaci\u00f3n al deporte<\/p>\n<p><strong><span class=\"icon-wrap\"><i class=\"fas fa-check\"><\/i><\/span>\u00a0<\/strong>\u00a0Formaci\u00f3n en actividad f\u00edsica para la salud, punci\u00f3n seca del dolor miofascial y terapia manual visceral<\/p>\n<p><strong><span class=\"icon-wrap\"><i class=\"fas fa-check\"><\/i><\/span><\/strong>\u00a0 Experiencia profesional en traumatolog\u00eda y neurolog\u00eda<\/p>\n<p>&nbsp;<\/p>\n<p><img loading=\"lazy\" decoding=\"async\" class=\"alignleft size-full wp-image-10266\" src=\"https:\/\/fisiolescala.com\/wp-content\/uploads\/2021\/07\/aina-i-ferran-01-web.jpg\" alt=\"\" width=\"460\" height=\"365\" srcset=\"https:\/\/fisiolescala.com\/wp-content\/uploads\/2021\/07\/aina-i-ferran-01-web.jpg 460w, https:\/\/fisiolescala.com\/wp-content\/uploads\/2021\/07\/aina-i-ferran-01-web-300x238.jpg 300w\" sizes=\"(max-width: 460px) 100vw, 460px\" \/><\/p>\n<\/div>\n<\/div><\/div><\/div><\/div><\/div>","protected":false},"excerpt":{"rendered":"<p>Puedes contactar directamente con Ferran en fdiaz@fisioterapeutes.org &nbsp; Formaci\u00f3n \u00a0\u00a0Diplomado en fisioterapia en 2018 por la EUSES de Girona, adscrita a la UDG \u00a0\u00a0Fisioterapeuta col. 13460 \u00a0\u00a0Especializado en fisioterapia deportiva y readaptaci\u00f3n al deporte \u00a0\u00a0Formaci\u00f3n en actividad f\u00edsica para la salud, punci\u00f3n seca del dolor miofascial y terapia manual visceral \u00a0 Experiencia profesional en traumatolog\u00eda [&hellip;]<\/p>\n","protected":false},"author":1,"featured_media":0,"parent":8914,"menu_order":0,"comment_status":"closed","ping_status":"closed","template":"","meta":{"footnotes":""},"acf":[],"_links":{"self":[{"href":"https:\/\/fisiolescala.com\/es\/wp-json\/wp\/v2\/pages\/9806"}],"collection":[{"href":"https:\/\/fisiolescala.com\/es\/wp-json\/wp\/v2\/pages"}],"about":[{"href":"https:\/\/fisiolescala.com\/es\/wp-json\/wp\/v2\/types\/page"}],"author":[{"embeddable":true,"href":"https:\/\/fisiolescala.com\/es\/wp-json\/wp\/v2\/users\/1"}],"replies":[{"embeddable":true,"href":"https:\/\/fisiolescala.com\/es\/wp-json\/wp\/v2\/comments?post=9806"}],"version-history":[{"count":3,"href":"https:\/\/fisiolescala.com\/es\/wp-json\/wp\/v2\/pages\/9806\/revisions"}],"predecessor-version":[{"id":10999,"href":"https:\/\/fisiolescala.com\/es\/wp-json\/wp\/v2\/pages\/9806\/revisions\/10999"}],"up":[{"embeddable":true,"href":"https:\/\/fisiolescala.com\/es\/wp-json\/wp\/v2\/pages\/8914"}],"wp:attachment":[{"href":"https:\/\/fisiolescala.com\/es\/wp-json\/wp\/v2\/media?parent=9806"}],"curies":[{"name":"wp","href":"https:\/\/api.w.org\/{rel}","templated":true}]}}